{"version":"1.0","provider_name":"Orthodontie invisible \u00e0 Pozuelo de Alarc\u00f3n | Saborido &amp; Rodr\u00edguez","provider_url":"https:\/\/ortodonciapozuelo.com\/fr\/","author_name":"Saborido &amp; Rodr\u00edguez","author_url":"https:\/\/ortodonciapozuelo.com\/fr\/author\/adminortopozuelo\/","title":"Falta de dos incisivos superiores - Ortodoncia invisible en Pozuelo de Alarc\u00f3n | Saborido &amp; Rodr\u00edguez","type":"rich","width":600,"height":338,"html":"<blockquote class=\"wp-embedded-content\" data-secret=\"nOxHyXAWSI\"><a href=\"https:\/\/ortodonciapozuelo.com\/fr\/casos-clinicos\/falta-de-dos-incisivos-superiores\/\">Deux incisives sup\u00e9rieures manquantes<\/a><\/blockquote><iframe sandbox=\"allow-scripts\" security=\"restricted\" src=\"https:\/\/ortodonciapozuelo.com\/fr\/casos-clinicos\/falta-de-dos-incisivos-superiores\/embed\/#?secret=nOxHyXAWSI\" width=\"600\" height=\"338\" title=\"\u00ab\u00a0Falta de dos incisivos superiores\u00a0\u00bb &#8212; Ortodoncia invisible en Pozuelo de Alarc\u00f3n | Saborido &amp; Rodr\u00edguez\" data-secret=\"nOxHyXAWSI\" frameborder=\"0\" marginwidth=\"0\" marginheight=\"0\" scrolling=\"no\" class=\"wp-embedded-content\"><\/iframe><script>\n\/*! This file is auto-generated *\/\n!function(d,l){\"use strict\";l.querySelector&&d.addEventListener&&\"undefined\"!=typeof URL&&(d.wp=d.wp||{},d.wp.receiveEmbedMessage||(d.wp.receiveEmbedMessage=function(e){var t=e.data;if((t||t.secret||t.message||t.value)&&!\/[^a-zA-Z0-9]\/.test(t.secret)){for(var s,r,n,a=l.querySelectorAll('iframe[data-secret=\"'+t.secret+'\"]'),o=l.querySelectorAll('blockquote[data-secret=\"'+t.secret+'\"]'),c=new RegExp(\"^https?:$\",\"i\"),i=0;i<o.length;i++)o[i].style.display=\"none\";for(i=0;i<a.length;i++)s=a[i],e.source===s.contentWindow&&(s.removeAttribute(\"style\"),\"height\"===t.message?(1e3<(r=parseInt(t.value,10))?r=1e3:~~r<200&&(r=200),s.height=r):\"link\"===t.message&&(r=new URL(s.getAttribute(\"src\")),n=new URL(t.value),c.test(n.protocol))&&n.host===r.host&&l.activeElement===s&&(d.top.location.href=t.value))}},d.addEventListener(\"message\",d.wp.receiveEmbedMessage,!1),l.addEventListener(\"DOMContentLoaded\",function(){for(var e,t,s=l.querySelectorAll(\"iframe.wp-embedded-content\"),r=0;r<s.length;r++)(t=(e=s[r]).getAttribute(\"data-secret\"))||(t=Math.random().toString(36).substring(2,12),e.src+=\"#?secret=\"+t,e.setAttribute(\"data-secret\",t)),e.contentWindow.postMessage({message:\"ready\",secret:t},\"*\")},!1)))}(window,document);\n\/\/# sourceURL=https:\/\/ortodonciapozuelo.com\/wp-includes\/js\/wp-embed.min.js\n<\/script>","thumbnail_url":"https:\/\/ortodonciapozuelo.com\/wp-content\/uploads\/faltan-incisivos-mini.jpg","thumbnail_width":686,"thumbnail_height":457,"description":"Volver a casos Falta de dos incisivos superiores Opiniones reales de nuestros pacientes \u00bfQuieres ser nuestro pr\u00f3ximo caso de \u00e9xito? Estamos en el centro de Pozuelo Avenida de Pablo VI N\u00ba 9 local 828224- Pozuelo de Alarc\u00f3n \u2013 Madrid Parking cercano y transporte p\u00fablico a pocos metros. Contacta con nosotros Pide tu cita"}